{"id":2853,"date":"2021-12-06T11:48:35","date_gmt":"2021-12-06T11:48:35","guid":{"rendered":"http:\/\/lp.martinellimarketing.com.br\/dup-vendas-comunidade-marketing-pro-dez-2021\/"},"modified":"2022-01-14T11:49:40","modified_gmt":"2022-01-14T11:49:40","slug":"comunidade-marketing-pro-2-2","status":"publish","type":"page","link":"https:\/\/lp.martinellimarketing.com.br\/?page_id=2853","title":{"rendered":"(dup) [VENDAS] Comunidade Marketing Pro &#8211; DEZ 2021"},"content":{"rendered":"<h2>Implemente as ESTRAT\u00c9GIAS DE MARKETING DIGITAL que realmente geram vendas dos seus servi\u00e7os e aumente o faturamento do seu neg\u00f3cio (sem depender de ag\u00eancia)<br \/>\n<\/h2>\n<p>Voc\u00ea vai usar o poder do MARKETING PRO para otimizar o seu tempo e transformar sua presen\u00e7a digital em uma m\u00e1quina de atra\u00e7\u00e3o de clientes em apenas 3 passos.<\/p>\n<p>\t\t\t<a href=\"https:\/\/sun.eduzz.com\/1020070?cupom=ofertaesp\" target=\"_blank\" role=\"button\" rel=\"noopener\"><br \/>\n\t\t\t\t\t\tQUERO USAR O PODER DO MARKETING PRO<br \/>\n\t\t\t\t\t<\/a><br \/>\n\t\t\t\t\t\t\t\t\t\t\t\t<img loading=\"lazy\" decoding=\"async\" width=\"580\" height=\"164\" src=\"https:\/\/lp.martinellimarketing.com.br\/wp-content\/uploads\/2021\/12\/Logo-MKT-Pro-Branca-e-Vermelha-1-1024x289.png\" alt=\"\" loading=\"lazy\" srcset=\"https:\/\/lp.martinellimarketing.com.br\/wp-content\/uploads\/2021\/12\/Logo-MKT-Pro-Branca-e-Vermelha-1-1024x289.png 1024w, https:\/\/lp.martinellimarketing.com.br\/wp-content\/uploads\/2021\/12\/Logo-MKT-Pro-Branca-e-Vermelha-1-300x85.png 300w, https:\/\/lp.martinellimarketing.com.br\/wp-content\/uploads\/2021\/12\/Logo-MKT-Pro-Branca-e-Vermelha-1-768x217.png 768w, https:\/\/lp.martinellimarketing.com.br\/wp-content\/uploads\/2021\/12\/Logo-MKT-Pro-Branca-e-Vermelha-1-1536x433.png 1536w, https:\/\/lp.martinellimarketing.com.br\/wp-content\/uploads\/2021\/12\/Logo-MKT-Pro-Branca-e-Vermelha-1-2048x578.png 2048w, https:\/\/lp.martinellimarketing.com.br\/wp-content\/uploads\/2021\/12\/Logo-MKT-Pro-Branca-e-Vermelha-1-1200x339.png 1200w, https:\/\/lp.martinellimarketing.com.br\/wp-content\/uploads\/2021\/12\/Logo-MKT-Pro-Branca-e-Vermelha-1-1980x559.png 1980w\" sizes=\"auto, (max-width: 580px) 100vw, 580px\" \/>\t\t\t\t\t\t\t\t\t\t\t\t\t\t<\/p>\n<p>Comunidade no Facebook exclusiva para alunos<\/p>\n<p>Todo m\u00eas uma nova mentoria online, ao vivo e em grupo para tirar d\u00favidas e dar orienta\u00e7\u00f5es espec\u00edficas para o seu neg\u00f3cio<\/p>\n<p>Replay de todas as aulas dispon\u00edveis para ver e rever sempre que precisar<\/p>\n<p>Aulas extras com conte\u00fados para operacionalizar suas a\u00e7\u00f5es<\/p>\n<p>Intera\u00e7\u00e3o, troca de conhecimentos e apoio do grupo<\/p>\n<p>Toda semana uma nova aula ao vivo para nortear suas a\u00e7\u00f5es e estrat\u00e9gias<\/p>\n<p>PDFs das aulas, material de apoio, ferramentas e atividades pr\u00e1ticas para entrar em a\u00e7\u00e3o<\/p>\n<p>Orienta\u00e7\u00e3o e acompanhamento pr\u00f3ximo para te ajudar a dar os primeiros passos<\/p>\n<p><del>de R$1497<\/del><\/p>\n<h2>Por R$ 497 \u00e0 vista ou em 12x de R$ 49,70<\/h2>\n<p>\t\t\t Dias Horas Minutos Segundos<br \/>\n\t\t\t<a href=\"https:\/\/sun.eduzz.com\/1020070?cupom=ofertaesp\" target=\"_blank\" role=\"button\" rel=\"noopener\"><br \/>\n\t\t\t\t\t\tQUERO GARANTIR MINHA VAGA COM 65% OFF<br \/>\n\t\t\t\t\t<\/a><\/p>\n<h2>Para quem \u00e9 o MARKETING PRO?<br \/>\n<\/h2>\n<p>Para voc\u00ea que\u2026<\/p>\n<p>Vive perdendo tempo com a\u00e7\u00f5es de marketing que n\u00e3o trazem resultados reais para o seu neg\u00f3cio<\/p>\n<p>Desconhece quais s\u00e3o as estrat\u00e9gias de marketing digital que realmente funcionam<\/p>\n<p>N\u00e3o consegue vender seus servi\u00e7os no volume que deseja e precisa<\/p>\n<p>Est\u00e1 cansado de tentar implementar dicas soltas e n\u00e3o ter orienta\u00e7\u00e3o profissional e precisa para alavancar as vendas do seu neg\u00f3cio<\/p>\n<h2>Esse \u00e9 o lugar certo para quem quer aprender como aplicar estrat\u00e9gias digitais para vender os seus servi\u00e7os.<\/h2>\n<p>Voc\u00ea vai entender o que precisa ser feito e como executar com precis\u00e3o as a\u00e7\u00f5es corretas para <strong>usar todo o poder da internet<\/strong> para aumentar sua autoridade e faturamento.<\/p>\n<p>Al\u00e9m de ter espa\u00e7o para tirar suas d\u00favidas, receber orienta\u00e7\u00e3o precisa nas mentorias mensais e fortalecer sua rede de contatos.<\/p>\n<p>\t\t\t<a href=\"https:\/\/sun.eduzz.com\/1020070?cupom=ofertaesp\" target=\"_blank\" role=\"button\" rel=\"noopener\"><br \/>\n\t\t\t\t\t\tQUERO FAZER PARTE DA COMUNIDADE<br \/>\n\t\t\t\t\t<\/a><\/p>\n<h2>Conte\u00fado e acompanhamento para voc\u00ea entrar em a\u00e7\u00e3o do jeito certo<\/h2>\n<h2>Aulas ao vivo toda segunda-feira<\/h2>\n<p>Voc\u00ea vai ter um arsenal de informa\u00e7\u00f5es completas e atualizadas para usar sempre que precisar, entendendo o porqu\u00ea de cada a\u00e7\u00e3o.<\/p>\n<h2>Acompanhamento e orienta\u00e7\u00e3o<\/h2>\n<p>Na comunidade voc\u00ea vai receber direcionamento preciso para suas necessidades, tirar suas d\u00favidas, trocar experi\u00eancias e aprender com os demais colegas.<\/p>\n<h2>Estrat\u00e9gia estruturada para ter resultados<\/h2>\n<p>Voc\u00ea vai parar de ficar pegando dicas soltas e incompletas e vai ter um passo a passo completo do que fazer para vender seus servi\u00e7os usando todo o poder da internet.<\/p>\n<h2>Poder da comunidade<\/h2>\n<p>Voc\u00ea vai poder debater ideias, fortalecer networking, achar clientes e fornecedores, acompanhar o que est\u00e1 performando para ter novas ideias e acelerar seus resultados<\/p>\n<p>\t\t\t<a href=\"https:\/\/sun.eduzz.com\/1020070?cupom=ofertaesp\" target=\"_blank\" role=\"button\" rel=\"noopener\"><br \/>\n\t\t\t\t\t\tQUERO USAR O PODER DO MARKETING PRO<br \/>\n\t\t\t\t\t<\/a><\/p>\n<h2>Construa uma presen\u00e7a s\u00f3lida no digital <\/h2>\n<p>Pare de insistir somente em postagens nas redes sociais e aplique estrat\u00e9gias eficazes e validadas.<\/p>\n<p>Nessa comunidade voc\u00ea vai&#8230;<\/p>\n<ul>\n<li style=\"font-weight: 400;\" aria-level=\"1\">Identificar o que o seu p\u00fablico-alvo quer e o que ele n\u00e3o quer para fazer ofertas melhores e mais objetivas<\/li>\n<li style=\"font-weight: 400;\" aria-level=\"1\">Entender onde colocar suas for\u00e7as para ter muito mais resultados no digital e parar de perder tempo com o que n\u00e3o funciona<\/li>\n<li style=\"font-weight: 400;\" aria-level=\"1\">Aprender a fazer ofertas que vendem para multiplicar o seu lucro e levar seu neg\u00f3cio a um novo patamar no mercado<\/li>\n<li style=\"font-weight: 400;\" aria-level=\"1\">Eliminar o problema mais comum do mercado que \u00e9 o de n\u00e3o conseguir fazer boas promessas<\/li>\n<li style=\"font-weight: 400;\" aria-level=\"1\">Aprender como criar produtos e organizar seu portf\u00f3lio para vender mais para os mesmos clientes<\/li>\n<li style=\"font-weight: 400;\" aria-level=\"1\">Descobrir quais as a\u00e7\u00f5es certas para vender seus servi\u00e7os com menos esfor\u00e7o e mais resultado<\/li>\n<\/ul>\n<p>\t\t\t<a href=\"https:\/\/sun.eduzz.com\/1020070?cupom=ofertaesp\" target=\"_blank\" role=\"button\" rel=\"noopener\"><br \/>\n\t\t\t\t\t\tQUERO USAR O PODER DO MARKETING PRO<br \/>\n\t\t\t\t\t<\/a><\/p>\n<h2>Veja o que dizem meus alunos e mentorados<\/h2>\n<figure><img decoding=\"async\" src=\"https:\/\/lp.martinellimarketing.com.br\/wp-content\/uploads\/2021\/12\/depoimento-1.png\" alt=\"depoimento 1\" \/><\/figure>\n<figure><img decoding=\"async\" src=\"https:\/\/lp.martinellimarketing.com.br\/wp-content\/uploads\/2021\/12\/depoimento-2.png\" alt=\"depoimento 2\" \/><\/figure>\n<figure><img decoding=\"async\" src=\"https:\/\/lp.martinellimarketing.com.br\/wp-content\/uploads\/2021\/12\/depoimento-3.png\" alt=\"depoimento 3\" \/><\/figure>\n<figure><img decoding=\"async\" src=\"https:\/\/lp.martinellimarketing.com.br\/wp-content\/uploads\/2021\/12\/depoimento-4.png\" alt=\"depoimento 4\" \/><\/figure>\n<figure><img decoding=\"async\" src=\"https:\/\/lp.martinellimarketing.com.br\/wp-content\/uploads\/2021\/12\/depoimento-5.png\" alt=\"depoimento 5\" \/><\/figure>\n<figure><img decoding=\"async\" src=\"https:\/\/lp.martinellimarketing.com.br\/wp-content\/uploads\/2021\/12\/depoimento-6.png\" alt=\"depoimento 6\" \/><\/figure>\n<figure><img decoding=\"async\" src=\"https:\/\/lp.martinellimarketing.com.br\/wp-content\/uploads\/2021\/12\/depoimento-7.png\" alt=\"depoimento 7\" \/><\/figure>\n<figure><img decoding=\"async\" src=\"https:\/\/lp.martinellimarketing.com.br\/wp-content\/uploads\/2021\/12\/depoimento-8.png\" alt=\"depoimento 8\" \/><\/figure>\n<p>\t\t\t\t\t\tAnterior<br \/>\n\t\t\t\t\t\tPr\u00f3ximo<br \/>\n\t\t\t\t\t\t\t\t\t\t\t\t<img loading=\"lazy\" decoding=\"async\" width=\"150\" height=\"150\" src=\"https:\/\/lp.martinellimarketing.com.br\/wp-content\/uploads\/2021\/12\/54753-150x150.jpg\" alt=\"\" loading=\"lazy\" srcset=\"https:\/\/lp.martinellimarketing.com.br\/wp-content\/uploads\/2021\/12\/54753-150x150.jpg 150w, https:\/\/lp.martinellimarketing.com.br\/wp-content\/uploads\/2021\/12\/54753-300x300.jpg 300w, https:\/\/lp.martinellimarketing.com.br\/wp-content\/uploads\/2021\/12\/54753-1024x1024.jpg 1024w, https:\/\/lp.martinellimarketing.com.br\/wp-content\/uploads\/2021\/12\/54753-768x768.jpg 768w, https:\/\/lp.martinellimarketing.com.br\/wp-content\/uploads\/2021\/12\/54753-1536x1536.jpg 1536w, https:\/\/lp.martinellimarketing.com.br\/wp-content\/uploads\/2021\/12\/54753-2048x2048.jpg 2048w, https:\/\/lp.martinellimarketing.com.br\/wp-content\/uploads\/2021\/12\/54753-1200x1200.jpg 1200w, https:\/\/lp.martinellimarketing.com.br\/wp-content\/uploads\/2021\/12\/54753-1980x1980.jpg 1980w\" sizes=\"auto, (max-width: 150px) 100vw, 150px\" \/>\t\t\t\t\t\t\t\t\t\t\t\t\t\t<\/p>\n<h2>Experimente a comunidade por 15 dias<\/h2>\n<p>Eu tenho tanta seguran\u00e7a dos resultados dessa comunidade, que fa\u00e7o quest\u00e3o de dar garantia da devolu\u00e7\u00e3o total do seu dinheiro se voc\u00ea n\u00e3o gostar ou achar que esse conte\u00fado n\u00e3o \u00e9 para voc\u00ea.<\/p>\n<p>Para isso, <b>voc\u00ea tem 15 dias para literalmente experimentar a comunidade.<\/b><\/p>\n<p>O que significa que voc\u00ea vai acessar todo o conte\u00fado da comunidade e se entender que ela n\u00e3o \u00e9 para voc\u00ea, basta enviar um email para contato@martinellimarketing.com.br dentro do per\u00edodo de 15 dias solicitando a devolu\u00e7\u00e3o e prontamente ser\u00e1 atendido, sem perguntas ou condi\u00e7\u00f5es.<\/p>\n<p>\t\t\t<a href=\"https:\/\/sun.eduzz.com\/1020070?cupom=ofertaesp\" target=\"_blank\" role=\"button\" rel=\"noopener\"><br \/>\n\t\t\t\t\t\tQUERO FAZER PARTE DA COMUNIDADE<br \/>\n\t\t\t\t\t<\/a><br \/>\n\t\t\t\t\t\t\t\t\t\t\t\t<img loading=\"lazy\" decoding=\"async\" width=\"580\" height=\"164\" src=\"https:\/\/lp.martinellimarketing.com.br\/wp-content\/uploads\/2021\/12\/Logo-MKT-Pro-Branca-e-Vermelha-1-1024x289.png\" alt=\"\" loading=\"lazy\" srcset=\"https:\/\/lp.martinellimarketing.com.br\/wp-content\/uploads\/2021\/12\/Logo-MKT-Pro-Branca-e-Vermelha-1-1024x289.png 1024w, https:\/\/lp.martinellimarketing.com.br\/wp-content\/uploads\/2021\/12\/Logo-MKT-Pro-Branca-e-Vermelha-1-300x85.png 300w, https:\/\/lp.martinellimarketing.com.br\/wp-content\/uploads\/2021\/12\/Logo-MKT-Pro-Branca-e-Vermelha-1-768x217.png 768w, https:\/\/lp.martinellimarketing.com.br\/wp-content\/uploads\/2021\/12\/Logo-MKT-Pro-Branca-e-Vermelha-1-1536x433.png 1536w, https:\/\/lp.martinellimarketing.com.br\/wp-content\/uploads\/2021\/12\/Logo-MKT-Pro-Branca-e-Vermelha-1-2048x578.png 2048w, https:\/\/lp.martinellimarketing.com.br\/wp-content\/uploads\/2021\/12\/Logo-MKT-Pro-Branca-e-Vermelha-1-1200x339.png 1200w, https:\/\/lp.martinellimarketing.com.br\/wp-content\/uploads\/2021\/12\/Logo-MKT-Pro-Branca-e-Vermelha-1-1980x559.png 1980w\" sizes=\"auto, (max-width: 580px) 100vw, 580px\" \/>\t\t\t\t\t\t\t\t\t\t\t\t\t\t<\/p>\n<p>Comunidade no Facebook exclusiva para alunos<\/p>\n<p>Todo m\u00eas uma nova mentoria online, ao vivo e em grupo para tirar d\u00favidas e dar orienta\u00e7\u00f5es espec\u00edficas para o seu neg\u00f3cio<\/p>\n<p>Replay de todas as aulas dispon\u00edveis para ver e rever sempre que precisar<\/p>\n<p>Aulas extras com conte\u00fados para operacionalizar suas a\u00e7\u00f5es<\/p>\n<p>Intera\u00e7\u00e3o, troca de conhecimentos e apoio do grupo<\/p>\n<p>Toda semana uma nova aula ao vivo para nortear suas a\u00e7\u00f5es e estrat\u00e9gias<\/p>\n<p>PDFs das aulas, material de apoio, ferramentas e atividades pr\u00e1ticas para entrar em a\u00e7\u00e3o<\/p>\n<p>Orienta\u00e7\u00e3o e acompanhamento pr\u00f3ximo para te ajudar a dar os primeiros passos<\/p>\n<p><del>de R$1497<\/del><\/p>\n<h2>Por R$ 497 \u00e0 vista ou em 12x de R$ 49,70<\/h2>\n<p>\t\t\t Dias Horas Minutos Segundos<br \/>\n\t\t\t<a href=\"https:\/\/sun.eduzz.com\/1020070?cupom=ofertaesp\" target=\"_blank\" role=\"button\" rel=\"noopener\"><br \/>\n\t\t\t\t\t\tQUERO GARANTIR MINHA VAGA COM 65% OFF<br \/>\n\t\t\t\t\t<\/a><\/p>\n<h2>Conhe\u00e7a Elizangela Martinelli<\/h2>\n<p>Sou empres\u00e1ria, apaixonada por Neg\u00f3cios, Marketing e Vendas. Especialista em Estrat\u00e9gias de Vendas online, Economista com MBA em Marketing Estrat\u00e9gico pela FGV e diversas outras especializa\u00e7\u00f5es na \u00e1rea.<\/p>\n<p>Com mais de 15 anos de experi\u00eancia, j\u00e1 estruturei e gerenciei setores de Marketing de grandes empresas e coordenei a constru\u00e7\u00e3o e implementa\u00e7\u00e3o de Planejamentos Estrat\u00e9gicos de Comunica\u00e7\u00e3o e Vendas de dezenas de empresas.<\/p>\n<p>Nos \u00faltimos 5 anos estou \u00e0 frente da Martinelli Marketing de Resultados, empresa de consultoria especializada na estrutura\u00e7\u00e3o de neg\u00f3cios e implementa\u00e7\u00e3o de estrat\u00e9gias de vendas no digital.<\/p>\n<p>\t\t\t<a href=\"https:\/\/sun.eduzz.com\/1020070?cupom=ofertaesp\" target=\"_blank\" role=\"button\" rel=\"noopener\"><br \/>\n\t\t\t\t\t\tQUERO FAZER PARTE DA COMUNIDADE<br \/>\n\t\t\t\t\t<\/a><br \/>\n\t\t\t\t\t\t\t\t\t\t\t\t<img loading=\"lazy\" decoding=\"async\" width=\"419\" height=\"1080\" src=\"https:\/\/lp.martinellimarketing.com.br\/wp-content\/uploads\/2021\/12\/Eliz-2.png\" alt=\"\" loading=\"lazy\" srcset=\"https:\/\/lp.martinellimarketing.com.br\/wp-content\/uploads\/2021\/12\/Eliz-2.png 419w, https:\/\/lp.martinellimarketing.com.br\/wp-content\/uploads\/2021\/12\/Eliz-2-116x300.png 116w, https:\/\/lp.martinellimarketing.com.br\/wp-content\/uploads\/2021\/12\/Eliz-2-397x1024.png 397w\" sizes=\"auto, (max-width: 419px) 100vw, 419px\" \/>\t\t\t\t\t\t\t\t\t\t\t\t\t\t<\/p>\n<h2>Se voc\u00ea ainda tem d\u00favidas que a comunidade \u00e9 para voc\u00ea, clique na imagem abaixo e vamos conversar pelo whats app<\/h2>\n<p>\t\t\t\t\t\t\t\t\t\t\t\t\t<a href=\"https:\/\/api.whatsapp.com\/send?l=pt_BR&#038;phone=55489115-1031&#038;text=Quero%20Mais%20Informa%C3%A7%C3%B5es%20sobre%20a%20Comunidade%20Marketing%20PRO\"><br \/>\n\t\t\t\t\t\t\t<img loading=\"lazy\" decoding=\"async\" width=\"580\" height=\"193\" src=\"https:\/\/lp.martinellimarketing.com.br\/wp-content\/uploads\/2021\/12\/whatsapp-768x256.png\" alt=\"\" loading=\"lazy\" srcset=\"https:\/\/lp.martinellimarketing.com.br\/wp-content\/uploads\/2021\/12\/whatsapp-768x256.png 768w, https:\/\/lp.martinellimarketing.com.br\/wp-content\/uploads\/2021\/12\/whatsapp-300x100.png 300w, https:\/\/lp.martinellimarketing.com.br\/wp-content\/uploads\/2021\/12\/whatsapp-1024x342.png 1024w, https:\/\/lp.martinellimarketing.com.br\/wp-content\/uploads\/2021\/12\/whatsapp-1536x512.png 1536w, https:\/\/lp.martinellimarketing.com.br\/wp-content\/uploads\/2021\/12\/whatsapp-2048x683.png 2048w, https:\/\/lp.martinellimarketing.com.br\/wp-content\/uploads\/2021\/12\/whatsapp-1200x400.png 1200w, https:\/\/lp.martinellimarketing.com.br\/wp-content\/uploads\/2021\/12\/whatsapp-1980x661.png 1980w\" sizes=\"auto, (max-width: 580px) 100vw, 580px\" \/>\t\t\t\t\t\t\t\t<\/a><\/p>\n<p>@copywriter 2021. Todos os direitos reservados. RUVIARO E GOMES LTDA CNPJ: 03.748.808\/0001-40<\/p>\n<p><strong>Pol\u00edtica de Privacidade<\/strong><\/p>\n<p><strong>Pol\u00edtica de Cookies<\/strong><\/p>\n","protected":false},"excerpt":{"rendered":"<p>Implemente as ESTRAT\u00c9GIAS DE MARKETING DIGITAL que realmente geram vendas dos seus servi\u00e7os e aumente o faturamento do seu neg\u00f3cio (sem depender de ag\u00eancia) Voc\u00ea vai usar o poder do MARKETING PRO para otimizar o seu tempo e transformar sua presen\u00e7a digital em uma m\u00e1quina de atra\u00e7\u00e3o de clientes em apenas 3 passos. QUERO USAR [&hellip;]<\/p>\n","protected":false},"author":4,"featured_media":0,"parent":0,"menu_order":0,"comment_status":"closed","ping_status":"closed","template":"elementor_canvas","meta":{"footnotes":""},"class_list":["post-2853","page","type-page","status-publish","hentry"],"yoast_head":"<!-- This site is optimized with the Yoast SEO plugin v25.7 - https:\/\/yoast.com\/wordpress\/plugins\/seo\/ -->\n<title>Comunidade Marketing PRO - Elizangela Martinelli<\/title>\n<meta name=\"description\" content=\"Implemente as ESTRAT\u00c9GIAS DE MARKETING DIGITAL que realmente geram vendas dos seus servi\u00e7os e aumente o faturamento do seu neg\u00f3cio.\" \/>\n<meta name=\"robots\" content=\"index, follow, max-snippet:-1, max-image-preview:large, max-video-preview:-1\" \/>\n<link rel=\"canonical\" href=\"https:\/\/lp.martinellimarketing.com.br\/?page_id=2853\" \/>\n<meta property=\"og:locale\" content=\"pt_BR\" \/>\n<meta property=\"og:type\" content=\"article\" \/>\n<meta property=\"og:title\" content=\"Comunidade Marketing PRO - Elizangela Martinelli\" \/>\n<meta property=\"og:description\" content=\"Implemente as ESTRAT\u00c9GIAS DE MARKETING DIGITAL que realmente geram vendas dos seus servi\u00e7os e aumente o faturamento do seu neg\u00f3cio.\" \/>\n<meta property=\"og:url\" content=\"https:\/\/lp.martinellimarketing.com.br\/?page_id=2853\" \/>\n<meta property=\"og:site_name\" content=\"Elizangela Martinelli\" \/>\n<meta property=\"article:modified_time\" content=\"2022-01-14T11:49:40+00:00\" \/>\n<meta property=\"og:image\" content=\"https:\/\/lp.martinellimarketing.com.br\/wp-content\/uploads\/2021\/12\/Logo-MKT-Pro-Branca-e-Vermelha-1-1024x289.png\" \/>\n<meta name=\"twitter:card\" content=\"summary_large_image\" \/>\n<meta name=\"twitter:label1\" content=\"Est. tempo de leitura\" \/>\n\t<meta name=\"twitter:data1\" content=\"9 minutos\" \/>\n<script type=\"application\/ld+json\" class=\"yoast-schema-graph\">{\"@context\":\"https:\/\/schema.org\",\"@graph\":[{\"@type\":\"WebPage\",\"@id\":\"https:\/\/lp.martinellimarketing.com.br\/?page_id=2853\",\"url\":\"https:\/\/lp.martinellimarketing.com.br\/?page_id=2853\",\"name\":\"Comunidade Marketing PRO - Elizangela Martinelli\",\"isPartOf\":{\"@id\":\"https:\/\/lp.martinellimarketing.com.br\/#website\"},\"primaryImageOfPage\":{\"@id\":\"https:\/\/lp.martinellimarketing.com.br\/?page_id=2853#primaryimage\"},\"image\":{\"@id\":\"https:\/\/lp.martinellimarketing.com.br\/?page_id=2853#primaryimage\"},\"thumbnailUrl\":\"https:\/\/lp.martinellimarketing.com.br\/wp-content\/uploads\/2021\/12\/Logo-MKT-Pro-Branca-e-Vermelha-1-1024x289.png\",\"datePublished\":\"2021-12-06T11:48:35+00:00\",\"dateModified\":\"2022-01-14T11:49:40+00:00\",\"description\":\"Implemente as ESTRAT\u00c9GIAS DE MARKETING DIGITAL que realmente geram vendas dos seus servi\u00e7os e aumente o faturamento do seu neg\u00f3cio.\",\"breadcrumb\":{\"@id\":\"https:\/\/lp.martinellimarketing.com.br\/?page_id=2853#breadcrumb\"},\"inLanguage\":\"pt-BR\",\"potentialAction\":[{\"@type\":\"ReadAction\",\"target\":[\"https:\/\/lp.martinellimarketing.com.br\/?page_id=2853\"]}]},{\"@type\":\"ImageObject\",\"inLanguage\":\"pt-BR\",\"@id\":\"https:\/\/lp.martinellimarketing.com.br\/?page_id=2853#primaryimage\",\"url\":\"https:\/\/lp.martinellimarketing.com.br\/wp-content\/uploads\/2021\/12\/Logo-MKT-Pro-Branca-e-Vermelha-1.png\",\"contentUrl\":\"https:\/\/lp.martinellimarketing.com.br\/wp-content\/uploads\/2021\/12\/Logo-MKT-Pro-Branca-e-Vermelha-1.png\",\"width\":3828,\"height\":1080},{\"@type\":\"BreadcrumbList\",\"@id\":\"https:\/\/lp.martinellimarketing.com.br\/?page_id=2853#breadcrumb\",\"itemListElement\":[{\"@type\":\"ListItem\",\"position\":1,\"name\":\"In\u00edcio\",\"item\":\"https:\/\/lp.martinellimarketing.com.br\/\"},{\"@type\":\"ListItem\",\"position\":2,\"name\":\"(dup) [VENDAS] Comunidade Marketing Pro &#8211; DEZ 2021\"}]},{\"@type\":\"WebSite\",\"@id\":\"https:\/\/lp.martinellimarketing.com.br\/#website\",\"url\":\"https:\/\/lp.martinellimarketing.com.br\/\",\"name\":\"Elizangela Martinelli\",\"description\":\"Aumente as Vendas do Seu Neg\u00f3cio\",\"publisher\":{\"@id\":\"https:\/\/lp.martinellimarketing.com.br\/#organization\"},\"potentialAction\":[{\"@type\":\"SearchAction\",\"target\":{\"@type\":\"EntryPoint\",\"urlTemplate\":\"https:\/\/lp.martinellimarketing.com.br\/?s={search_term_string}\"},\"query-input\":{\"@type\":\"PropertyValueSpecification\",\"valueRequired\":true,\"valueName\":\"search_term_string\"}}],\"inLanguage\":\"pt-BR\"},{\"@type\":\"Organization\",\"@id\":\"https:\/\/lp.martinellimarketing.com.br\/#organization\",\"name\":\"Elizangela Martinelli\",\"url\":\"https:\/\/lp.martinellimarketing.com.br\/\",\"logo\":{\"@type\":\"ImageObject\",\"inLanguage\":\"pt-BR\",\"@id\":\"https:\/\/lp.martinellimarketing.com.br\/#\/schema\/logo\/image\/\",\"url\":\"https:\/\/lp.martinellimarketing.com.br\/wp-content\/uploads\/2023\/06\/cropped-cropped-cropped-martinelli-png-300x86-1.png\",\"contentUrl\":\"https:\/\/lp.martinellimarketing.com.br\/wp-content\/uploads\/2023\/06\/cropped-cropped-cropped-martinelli-png-300x86-1.png\",\"width\":300,\"height\":86,\"caption\":\"Elizangela Martinelli\"},\"image\":{\"@id\":\"https:\/\/lp.martinellimarketing.com.br\/#\/schema\/logo\/image\/\"}}]}<\/script>\n<!-- \/ Yoast SEO plugin. -->","yoast_head_json":{"title":"Comunidade Marketing PRO - Elizangela Martinelli","description":"Implemente as ESTRAT\u00c9GIAS DE MARKETING DIGITAL que realmente geram vendas dos seus servi\u00e7os e aumente o faturamento do seu neg\u00f3cio.","robots":{"index":"index","follow":"follow","max-snippet":"max-snippet:-1","max-image-preview":"max-image-preview:large","max-video-preview":"max-video-preview:-1"},"canonical":"https:\/\/lp.martinellimarketing.com.br\/?page_id=2853","og_locale":"pt_BR","og_type":"article","og_title":"Comunidade Marketing PRO - Elizangela Martinelli","og_description":"Implemente as ESTRAT\u00c9GIAS DE MARKETING DIGITAL que realmente geram vendas dos seus servi\u00e7os e aumente o faturamento do seu neg\u00f3cio.","og_url":"https:\/\/lp.martinellimarketing.com.br\/?page_id=2853","og_site_name":"Elizangela Martinelli","article_modified_time":"2022-01-14T11:49:40+00:00","og_image":[{"url":"https:\/\/lp.martinellimarketing.com.br\/wp-content\/uploads\/2021\/12\/Logo-MKT-Pro-Branca-e-Vermelha-1-1024x289.png","type":"","width":"","height":""}],"twitter_card":"summary_large_image","twitter_misc":{"Est. tempo de leitura":"9 minutos"},"schema":{"@context":"https:\/\/schema.org","@graph":[{"@type":"WebPage","@id":"https:\/\/lp.martinellimarketing.com.br\/?page_id=2853","url":"https:\/\/lp.martinellimarketing.com.br\/?page_id=2853","name":"Comunidade Marketing PRO - Elizangela Martinelli","isPartOf":{"@id":"https:\/\/lp.martinellimarketing.com.br\/#website"},"primaryImageOfPage":{"@id":"https:\/\/lp.martinellimarketing.com.br\/?page_id=2853#primaryimage"},"image":{"@id":"https:\/\/lp.martinellimarketing.com.br\/?page_id=2853#primaryimage"},"thumbnailUrl":"https:\/\/lp.martinellimarketing.com.br\/wp-content\/uploads\/2021\/12\/Logo-MKT-Pro-Branca-e-Vermelha-1-1024x289.png","datePublished":"2021-12-06T11:48:35+00:00","dateModified":"2022-01-14T11:49:40+00:00","description":"Implemente as ESTRAT\u00c9GIAS DE MARKETING DIGITAL que realmente geram vendas dos seus servi\u00e7os e aumente o faturamento do seu neg\u00f3cio.","breadcrumb":{"@id":"https:\/\/lp.martinellimarketing.com.br\/?page_id=2853#breadcrumb"},"inLanguage":"pt-BR","potentialAction":[{"@type":"ReadAction","target":["https:\/\/lp.martinellimarketing.com.br\/?page_id=2853"]}]},{"@type":"ImageObject","inLanguage":"pt-BR","@id":"https:\/\/lp.martinellimarketing.com.br\/?page_id=2853#primaryimage","url":"https:\/\/lp.martinellimarketing.com.br\/wp-content\/uploads\/2021\/12\/Logo-MKT-Pro-Branca-e-Vermelha-1.png","contentUrl":"https:\/\/lp.martinellimarketing.com.br\/wp-content\/uploads\/2021\/12\/Logo-MKT-Pro-Branca-e-Vermelha-1.png","width":3828,"height":1080},{"@type":"BreadcrumbList","@id":"https:\/\/lp.martinellimarketing.com.br\/?page_id=2853#breadcrumb","itemListElement":[{"@type":"ListItem","position":1,"name":"In\u00edcio","item":"https:\/\/lp.martinellimarketing.com.br\/"},{"@type":"ListItem","position":2,"name":"(dup) [VENDAS] Comunidade Marketing Pro &#8211; DEZ 2021"}]},{"@type":"WebSite","@id":"https:\/\/lp.martinellimarketing.com.br\/#website","url":"https:\/\/lp.martinellimarketing.com.br\/","name":"Elizangela Martinelli","description":"Aumente as Vendas do Seu Neg\u00f3cio","publisher":{"@id":"https:\/\/lp.martinellimarketing.com.br\/#organization"},"potentialAction":[{"@type":"SearchAction","target":{"@type":"EntryPoint","urlTemplate":"https:\/\/lp.martinellimarketing.com.br\/?s={search_term_string}"},"query-input":{"@type":"PropertyValueSpecification","valueRequired":true,"valueName":"search_term_string"}}],"inLanguage":"pt-BR"},{"@type":"Organization","@id":"https:\/\/lp.martinellimarketing.com.br\/#organization","name":"Elizangela Martinelli","url":"https:\/\/lp.martinellimarketing.com.br\/","logo":{"@type":"ImageObject","inLanguage":"pt-BR","@id":"https:\/\/lp.martinellimarketing.com.br\/#\/schema\/logo\/image\/","url":"https:\/\/lp.martinellimarketing.com.br\/wp-content\/uploads\/2023\/06\/cropped-cropped-cropped-martinelli-png-300x86-1.png","contentUrl":"https:\/\/lp.martinellimarketing.com.br\/wp-content\/uploads\/2023\/06\/cropped-cropped-cropped-martinelli-png-300x86-1.png","width":300,"height":86,"caption":"Elizangela Martinelli"},"image":{"@id":"https:\/\/lp.martinellimarketing.com.br\/#\/schema\/logo\/image\/"}}]}},"_links":{"self":[{"href":"https:\/\/lp.martinellimarketing.com.br\/index.php?rest_route=\/wp\/v2\/pages\/2853","targetHints":{"allow":["GET"]}}],"collection":[{"href":"https:\/\/lp.martinellimarketing.com.br\/index.php?rest_route=\/wp\/v2\/pages"}],"about":[{"href":"https:\/\/lp.martinellimarketing.com.br\/index.php?rest_route=\/wp\/v2\/types\/page"}],"author":[{"embeddable":true,"href":"https:\/\/lp.martinellimarketing.com.br\/index.php?rest_route=\/wp\/v2\/users\/4"}],"replies":[{"embeddable":true,"href":"https:\/\/lp.martinellimarketing.com.br\/index.php?rest_route=%2Fwp%2Fv2%2Fcomments&post=2853"}],"version-history":[{"count":2,"href":"https:\/\/lp.martinellimarketing.com.br\/index.php?rest_route=\/wp\/v2\/pages\/2853\/revisions"}],"predecessor-version":[{"id":33710,"href":"https:\/\/lp.martinellimarketing.com.br\/index.php?rest_route=\/wp\/v2\/pages\/2853\/revisions\/33710"}],"wp:attachment":[{"href":"https:\/\/lp.martinellimarketing.com.br\/index.php?rest_route=%2Fwp%2Fv2%2Fmedia&parent=2853"}],"curies":[{"name":"wp","href":"https:\/\/api.w.org\/{rel}","templated":true}]}}